{"id":1343,"date":"2019-10-08T22:16:55","date_gmt":"2019-10-08T20:16:55","guid":{"rendered":"https:\/\/www.lag-gedenken-in-hessen.de\/?page_id=1343"},"modified":"2022-09-24T18:22:24","modified_gmt":"2022-09-24T16:22:24","slug":"horvath-zentrum-im-ehemaligen-lagerbereich-der-kz-aussenstelle-walldorf","status":"publish","type":"page","link":"https:\/\/www.lag-gedenken-in-hessen.de\/?page_id=1343","title":{"rendered":"Horv\u00e1th-Zentrum im ehemaligen Lagerbereich der KZ-Au\u00dfenstelle Walldorf"},"content":{"rendered":"\n<p><img loading=\"lazy\" decoding=\"async\" class=\"aligncenter size-medium_large wp-image-1342\" src=\"https:\/\/www.lag-gedenken-in-hessen.de\/wp-content\/uploads\/DSC_7886_ShiftN-1-768x549.jpg\" alt=\"\" width=\"700\" height=\"500\" srcset=\"https:\/\/www.lag-gedenken-in-hessen.de\/wp-content\/uploads\/DSC_7886_ShiftN-1-768x549.jpg 768w, https:\/\/www.lag-gedenken-in-hessen.de\/wp-content\/uploads\/DSC_7886_ShiftN-1-300x215.jpg 300w, https:\/\/www.lag-gedenken-in-hessen.de\/wp-content\/uploads\/DSC_7886_ShiftN-1.jpg 909w\" sizes=\"auto, (max-width: 700px) 100vw, 700px\" \/><\/p>\n<p>\u00a0<\/p>\n<p style=\"text-align: center;\">\n<table id=\"tablepress-45\" class=\"tablepress tablepress-id-45\">\n<tbody class=\"row-striping\">\n<tr class=\"row-1\">\n\t<td class=\"column-1\"><b>Kurzbeschreibung<\/b>  <\/td><td class=\"column-2\">Margit Horv\u00e1th war eine der 1.700 ungarischen J\u00fcdinnen, die 1944 in der KZ-Au\u00dfenstelle Walldorf inhaftiert wurden, um f\u00fcr den Frankfurter Flughafen, der damals unter milit\u00e4rischer Hoheit stand, eine erste betonierte Rollbahn zu bauen. Sie spendete vor ca. 20 Jahren ihr Entsch\u00e4digungsgeld, um die Jugendarbeit zu unterst\u00fctzen, die damals das st\u00e4dtische Museum zur Aufarbeitung der Geschichte dieser KZ-Au\u00dfenstelle initiierte. Dieses Geld wurde bewusst nicht auf einem der st\u00e4dtischen  Konten verbucht, sondern eine neue Stiftung unter ihrem Namen gegr\u00fcndet.<\/td>\n<\/tr>\n<tr class=\"row-2\">\n\t<td class=\"column-1\"><b>Tr\u00e4ger \/<br \/>\nInitiative<\/b><\/td><td class=\"column-2\">Margit-Horv\u00e1th-Stiftung: <br \/>\nCornelia R\u00fchlig, Vorsitzende<br \/>\nMuseum der Stadt M\u00f6rfelden-Walldorf:<br \/>\nClaudia Battistella, Leitung<br \/>\n<\/td>\n<\/tr>\n<tr class=\"row-3\">\n\t<td class=\"column-1\"><b>Ziele<\/b><\/td><td class=\"column-2\">Die Vielzahl der Interviews, die mit \u00dcberlebenden des Lagers gef\u00fchrt wurden, vermitteln heute ein sehr anschauliches Bild von den Lebens- und Arbeitsbedingungen in einer KZ-Au\u00dfenstelle w\u00e4hrend des Zweiten Weltkrieges.<br \/>\n<br \/>\nInternationale Studentengruppen und Schulklassen aus der Region legten einen Keller frei, in dem die Inhaftierten 1944 gepr\u00fcgelt wurden, einzelne bis zum Tod. Das Horv\u00e1th-Zentrum sch\u00fctzt  diesen Keller und ist nun zugleich Bildungsst\u00e4tte f\u00fcr zahlreiche Seminare und Veranstaltungen. F\u00fchrungen entlang eines Historischen Lehrpfades rund um das Lagergel\u00e4nde werden vom Museum und von der Stiftung angeboten.<br \/>\n<\/td>\n<\/tr>\n<tr class=\"row-4\">\n\t<td class=\"column-1\"><b>Standort<\/b><\/td><td class=\"column-2\">Adresse Horv\u00e1th-Zentrum:<br \/>\nFamilie-J\u00fcrges-Weg 1<br \/>\n64546 M\u00f6rfelden-Walldorf<br \/>\n<\/td>\n<\/tr>\n<tr class=\"row-5\">\n\t<td class=\"column-1\"><b>Kontaktadresse;<\/b><\/td><td class=\"column-2\">Margit-Horv\u00e1th-Stiftung: <br \/>\nLanggasse 43 <br \/>\n64546 M\u00f6rfelden-Walldorf<br \/>\nTel.: 06105\/ 406.33.77 (Stiftung)<br \/>\nund 06105\/938.875 (Museum)<br \/>\nEmail: info@margit-horvath.de<br \/>\nund museum@moerfelden-walldof.de<br \/>\n<br \/>\n<\/td>\n<\/tr>\n<tr class=\"row-6\">\n\t<td class=\"column-1\"><b>Internet<\/b><\/td><td class=\"column-2\">www.margit-horvath.de<\/td>\n<\/tr>\n<\/tbody>\n<\/table>\n<!-- #tablepress-45 from cache --><\/p>\n<p>\u00a0<\/p>\n<div class='printomatic pom-default ' id='id1766' alt='Seitentext drucken' title='Seitentext drucken' data-print_target='article'><\/div>\n","protected":false},"excerpt":{"rendered":"<p>\u00a0 \u00a0<\/p>\n","protected":false},"author":1,"featured_media":0,"parent":0,"menu_order":0,"comment_status":"closed","ping_status":"closed","template":"page-full-width.php","meta":{"footnotes":""},"class_list":["entry","page","publish","author-admin","post-1343"],"_links":{"self":[{"href":"https:\/\/www.lag-gedenken-in-hessen.de\/index.php?rest_route=\/wp\/v2\/pages\/1343","targetHints":{"allow":["GET"]}}],"collection":[{"href":"https:\/\/www.lag-gedenken-in-hessen.de\/index.php?rest_route=\/wp\/v2\/pages"}],"about":[{"href":"https:\/\/www.lag-gedenken-in-hessen.de\/index.php?rest_route=\/wp\/v2\/types\/page"}],"author":[{"embeddable":true,"href":"https:\/\/www.lag-gedenken-in-hessen.de\/index.php?rest_route=\/wp\/v2\/users\/1"}],"replies":[{"embeddable":true,"href":"https:\/\/www.lag-gedenken-in-hessen.de\/index.php?rest_route=%2Fwp%2Fv2%2Fcomments&post=1343"}],"version-history":[{"count":6,"href":"https:\/\/www.lag-gedenken-in-hessen.de\/index.php?rest_route=\/wp\/v2\/pages\/1343\/revisions"}],"predecessor-version":[{"id":1499,"href":"https:\/\/www.lag-gedenken-in-hessen.de\/index.php?rest_route=\/wp\/v2\/pages\/1343\/revisions\/1499"}],"wp:attachment":[{"href":"https:\/\/www.lag-gedenken-in-hessen.de\/index.php?rest_route=%2Fwp%2Fv2%2Fmedia&parent=1343"}],"curies":[{"name":"wp","href":"https:\/\/api.w.org\/{rel}","templated":true}]}}