{"id":1444,"date":"2021-06-21T19:03:03","date_gmt":"2021-06-21T17:03:03","guid":{"rendered":"https:\/\/www.lag-gedenken-in-hessen.de\/?page_id=1444"},"modified":"2022-10-11T21:15:48","modified_gmt":"2022-10-11T19:15:48","slug":"volksbund-deutsche-kriegsgraeberfuersorge-e-v-landesverband-hessen","status":"publish","type":"page","link":"https:\/\/www.lag-gedenken-in-hessen.de\/?page_id=1444","title":{"rendered":"Volksbund Deutsche Kriegsgr\u00e4berf\u00fcrsorge e. V., Landesverband Hessen"},"content":{"rendered":"\n\n\n<div id=\"attachment_1573\" style=\"width: 810px\" class=\"wp-caption aligncenter\"><img loading=\"lazy\" decoding=\"async\" aria-describedby=\"caption-attachment-1573\" class=\"wp-image-1573 size-full\" src=\"https:\/\/www.lag-gedenken-in-hessen.de\/wp-content\/uploads\/7Graeber.jpg\" alt=\"\" width=\"800\" height=\"548\" srcset=\"https:\/\/www.lag-gedenken-in-hessen.de\/wp-content\/uploads\/7Graeber.jpg 800w, https:\/\/www.lag-gedenken-in-hessen.de\/wp-content\/uploads\/7Graeber-300x206.jpg 300w, https:\/\/www.lag-gedenken-in-hessen.de\/wp-content\/uploads\/7Graeber-768x526.jpg 768w\" sizes=\"auto, (max-width: 800px) 100vw, 800px\" \/><p id=\"caption-attachment-1573\" class=\"wp-caption-text\">Kriegsgr\u00e4ber in Hessen. Foto: Volksbund Hessen<\/p><\/div>\n\n\n<div class=\"wp-block-image\">\n<figure class=\"aligncenter size-large is-resized\"><img decoding=\"async\" src=\"https:\/\/www.lag-gedenken-in-hessen.de\/wp-content\/uploads\/Volksbund-Hessen-Logo-1024x348.jpg\" alt=\"\" class=\"wp-image-1438\" width=\"400\" srcset=\"https:\/\/www.lag-gedenken-in-hessen.de\/wp-content\/uploads\/Volksbund-Hessen-Logo-1024x348.jpg 1024w, https:\/\/www.lag-gedenken-in-hessen.de\/wp-content\/uploads\/Volksbund-Hessen-Logo-300x102.jpg 300w, https:\/\/www.lag-gedenken-in-hessen.de\/wp-content\/uploads\/Volksbund-Hessen-Logo-768x261.jpg 768w, https:\/\/www.lag-gedenken-in-hessen.de\/wp-content\/uploads\/Volksbund-Hessen-Logo-1536x523.jpg 1536w, https:\/\/www.lag-gedenken-in-hessen.de\/wp-content\/uploads\/Volksbund-Hessen-Logo-2048x697.jpg 2048w\" sizes=\"(max-width: 1024px) 100vw, 1024px\" \/><\/figure>\n<\/div>\n\n\n\n<table id=\"tablepress-48\" class=\"tablepress tablepress-id-48\">\n<thead>\n<tr class=\"row-1\">\n\t<th class=\"column-1\"><b>Tr\u00e4ger\/ Initiative<\/b><\/th><th class=\"column-2\">Volksbund Deutsche Kriegsgr\u00e4berf\u00fcrsorge e. V., Landesverband Hessen<\/th>\n<\/tr>\n<\/thead>\n<tbody class=\"row-striping row-hover\">\n<tr class=\"row-2\">\n\t<td class=\"column-1\"><b>Standort<\/b><\/td><td class=\"column-2\">Landesgesch\u00e4ftsstelle, Sandweg 7, 60316 Frankfurt am Main<\/td>\n<\/tr>\n<tr class=\"row-3\">\n\t<td class=\"column-1\"><b>Information:<\/b><\/td><td class=\"column-2\"><strong>Forschungsprojekt \u00bbKriegsgr\u00e4berst\u00e4tten in Hessen\u00ab<\/strong><br \/>\n<br \/>\nDie Formen des Gedenkens an die Opfer von Krieg und Gewaltherrschaft haben sich in Deutschland seit dem Zweiten Weltkrieg tiefgreifend gewandelt. Vor diesem Hintergrund hat der Volksbund in Hessen 1999 damit begonnen, die Geschichte der hessischen Kriegsgr\u00e4berst\u00e4tten in eigenst\u00e4ndiger wissenschaftlicher Forschung aufzuarbeiten.<br \/>\n<br \/>\nDen Impuls dazu gab die Einsicht, dass die hergebrachten Formen des Gefallenengedenkens dem besonderen Charakter der Kriegsgr\u00e4berst\u00e4tten in Deutschland nicht mehr entsprachen. Besonders augenf\u00e4llig geworden war dies am jahrelangen Konflikt um die Kriegsgr\u00e4berst\u00e4tte Kloster Arnsburg bei Lich.<br \/>\n<br \/>\nDamals zeigte sich, dass die inl\u00e4ndischen Kriegsgr\u00e4berst\u00e4tten, angelegt zumeist in den 1950er\/60er Jahren, Zeugnisse einer spezifischen historischen Ausgangslage sind. Die Bundesrepublik Deutschland gew\u00e4hrt im \u00bbGr\u00e4bergesetz\u00ab allen Opfern von Krieg und Gewaltherrschaft dauerndes Ruherecht und Grabpflege aus \u00f6ffentlichen Mitteln. Schon wenige Jahre nach dem Zweiten Weltkrieg jedoch schienen Pflege und Bestand der zahlreichen verstreuten Kriegsgr\u00e4ber in Deutschland vielerorts nicht mehr gesichert.<br \/>\n<br \/>\nUm die Gr\u00e4ber dauerhaft zu erhalten und ihre Pflege zu gew\u00e4hrleisten, lag die L\u00f6sung nahe, sie auf Sammelfriedh\u00f6fen zusammenzufassen. F\u00fcr die Umbettung der Toten und die Gestaltung der neuen Kriegsgr\u00e4berst\u00e4tten war oft der Volksbund verantwortlich.<br \/>\n<br \/>\nDie Toten, die dort nun ihre letzte Ruhe fanden, geh\u00f6rten unterschiedlichen Gruppen an: Zwangsarbeiterinnen und Zwangsarbeiter, Kriegsgefangene, Gestapo- und KZ-H\u00e4ftlinge, deutsche Zivilisten, \u00bbDisplaced Persons\u00ab sowie nicht zuletzt Kinder von Zwangsarbeiterinnen. Deutsche Gefallene aus Wehrmacht und Waffen-SS machten nur eine Totengruppe unter anderen aus. Typische Soldatenfriedh\u00f6fe waren die neuen Kriegsgr\u00e4berst\u00e4tten nicht.<br \/>\n<br \/>\nAngelegt als Orte der Trauer und Mahnung, aber auch aus pragmatischen Erw\u00e4gungen der Grabpflege heraus, drohten die inl\u00e4ndischen Kriegsgr\u00e4berst\u00e4tten am Ende des 20. Jahrhunderts f\u00fcr nachwachsende Generationen unverst\u00e4ndlich zu werden. Ihr wesentliches Merkmal, die Bestattung unterschiedlicher Totengruppen Seite an Seite, ist nicht mehr ohne Weiteres nachzuvollziehen. Je ferner die Zeit ihrer Anlage r\u00fcckt, desto mehr bed\u00fcrfen sie der Erkl\u00e4rung. Damit k\u00f6nnen sie zu Lernorten der historisch-politischen Bildung werden, die es zu entwickeln gilt.<br \/>\n<br \/>\nUm sich dieser Aufgabe zu stellen, hat der Volksbund in Hessen 1999 damit begonnen, ausgew\u00e4hlte hessische Kriegsgr\u00e4berst\u00e4tten systematisch zu erforschen und die Arbeitsergebnisse auf Informationstafeln zu dokumentieren. Die Informationstafeln werden, sofern denkmalrechtliche Belange dem nicht entgegenstehen, im Eingangsbereich der Friedh\u00f6fe und an einzelnen Gr\u00e4bern aufgestellt. Die Tafeln im Eingangsbereich geben Auskunft \u00fcber Geschichte und Besonderheiten der jeweiligen Kriegsgr\u00e4berst\u00e4tte. In einem Lageplan sind die Gr\u00e4ber markiert, an denen sich weitere Informationstafeln befinden.<br \/>\n<br \/>\nDie Tafeln an den Gr\u00e4bern erz\u00e4hlen die Schicksale der Menschen, die in ihnen bestattet sind. Ziel ist es, m\u00f6glichst f\u00fcr jede der Gruppen von Toten, die auf einer Kriegsgr\u00e4berst\u00e4tte begraben sind, wenigstens ein exemplarisches Schicksal zu rekonstruieren. Die historische Forschung des Volksbunds in Hessen stellt damit eine wichtige Voraussetzung seiner friedensp\u00e4dagogischen Bildungsangebote dar. In ihnen werden am Beispiel der Einzelschicksale auch zu komplexen historischen Themen pers\u00f6nliche Zug\u00e4nge geschaffen.<br \/>\n<br \/>\n<strong>Bis heute wurden mit unterschiedlichen Arbeitsschwerpunkten insgesamt 16 hessische Kriegsgr\u00e4berst\u00e4tten in das Forschungsprojekt aufgenommen:<\/strong><br \/>\n<br \/>\n<a href=\"https:\/\/hessen.volksbund.de\/aktuell\/projekte\/artikel\/kriegsgraeberstaette-bad-emstal\">Bad Emstal (Lkr. Kassel)<\/a>, <br \/>\n<a href=\"https:\/\/hessen.volksbund.de\/aktuell\/projekte\/artikel\/die-kriegsgraeberstaette-auf-dem-waldfriedhof-bad-homburg-v-d-hoehe\">Bad Homburg v. d. H\u00f6he-Waldfriedhof (Hochtaunuskreis)<\/a>, <br \/>\n<a href=\"https:\/\/hessen.volksbund.de\/aktuell\/projekte\/artikel\/kriegsgraeberstaette-bensheim-auerbach\">Bensheim-Auerbach (Lkr. Bergstra\u00dfe)<\/a>, <br \/>\n<a href=\"https:\/\/hessen.volksbund.de\/aktuell\/projekte\/artikel\/kriegsgraeberstaette-brandau\">Brandau (Lkr. Darmstadt-Dieburg)<\/a>, <br \/>\n<a href=\"https:\/\/hessen.volksbund.de\/aktuell\/projekte\/artikel\/kriegsgraeberstaette-breuna\">Breuna (Lkr. Kassel)<\/a>, <br \/>\n<a href=\"https:\/\/hessen.volksbund.de\/aktuell\/projekte\/artikel\/kriegsgraeberstaette-butzbach-nieder-weisel\">Butzbach-Nieder-Weisel (Wetteraukreis)<\/a>, <br \/>\n<a href=\"https:\/\/hessen.volksbund.de\/aktuell\/projekte\/artikel\/kriegsgraeber-auf-dem-darmstaedter-waldfriedhof\">Darmstadt-Waldfriedhof,<\/a><br \/>\n<a href=\"https:\/\/hessen.volksbund.de\/aktuell\/projekte\/artikel\/kriegsgraeber-auf-dem-fuldaer-zentralfriedhof\">Fulda-Zentralfriedhof,<\/a> <br \/>\ndie Hauptfriedh\u00f6fe von <br \/>\n<a href=\"https:\/\/hessen.volksbund.de\/aktuell\/projekte\/artikel\/kriegsgraeber-auf-dem-kasseler-hauptfriedhof\">Kassel <\/a>und <br \/>\n<a href=\"https:\/\/hessen.volksbund.de\/aktuell\/projekte\/artikel\/kriegsgraeber-auf-dem-frankfurter-hauptfriedhof\">Frankfurt am Main,<\/a> <br \/>\n<a href=\"https:\/\/hessen.volksbund.de\/aktuell\/projekte\/artikel\/kriegsgraeberstaette-klein-zimmern\">Klein-Zimmern (Lkr. Darmstadt-Dieburg)<\/a>, <br \/>\n<a href=\"https:\/\/hessen.volksbund.de\/aktuell\/projekte\/artikel\/kriegsgraeberstaette-kloster-arnsburg\">Kloster Arnsburg (Lkr. Gie\u00dfen),<\/a><br \/>\n<a href=\"https:\/\/hessen.volksbund.de\/aktuell\/projekte\/artikel\/kriegsgraeberstaette-ludwigstein-text-der-informationstafel-von-2008\">Ludwigstein (Werra-Mei\u00dfner-Kreis)<\/a>, <br \/>\n<a href=\"https:\/\/hessen.volksbund.de\/aktuell\/projekte\/artikel\/kriegsgraeberstaette-runkel\">Runkel (Lkr. Limburg-Weilburg),<\/a> <br \/>\n<a href=\"https:\/\/hessen.volksbund.de\/aktuell\/projekte\/artikel\/kriegsgraeberstaette-schluechtern\">Schl\u00fcchtern (Main-Kinzig-Kreis)<\/a> und der<br \/>\n<a href=\"https:\/\/hessen.volksbund.de\/aktuell\/projekte\/artikel\/kriegsgraeber-auf-dem-wiesbadener-suedfriedhof\">Wiesbadener S\u00fcdfriedhof <\/a>.<br \/>\n<br \/>\n<br \/>\n<\/td>\n<\/tr>\n<tr class=\"row-4\">\n\t<td class=\"column-1\"><b>Internet \/ Kontakt<\/b><\/td><td class=\"column-2\"><u>Eigene Website:<\/u> <a href=\"https:\/\/hessen.volksbund.de\/\">https:\/\/hessen.volksbund.de\/<\/a><br \/>\n<br \/>\n<u>Postanschrift:<\/u> <br \/>\nVolksbund Deutsche Kriegsgr\u00e4berf\u00fcrsorge e.V. <br \/>\nLandesverband Hessen <br \/>\nSandweg 7, 60316 Frankfurt am Main<br \/>\n<br \/>\nTel.: +49 69 944 907-0<br \/>\nFax: +49 69 944 907-70<br \/>\n<u>Email:<\/u> <a href=\"mailto:hessen@volksbund.de\">hessen@volksbund.de<\/a><br \/>\n<br \/>\nSpendenkonto: Postbank Frankfurt am Main  \u2022 IBAN: DE52 5001 0060 0034 4646 06 \u2022 BIC: PBNKDEFF<\/td>\n<\/tr>\n<tr class=\"row-5\">\n\t<td class=\"column-1\"><b>Publikationen<\/b><\/td><td class=\"column-2\">Die Forschungsergebnisse des Volksbunds in Hessen sind vollst\u00e4ndig im Internet zug\u00e4nglich: <a href=\"https:\/\/hessen.volksbund.de\/erinnern-gedenken\/kriegesgraeberstaetten\" rel=\"noopener\" target=\"_blank\">https:\/\/hessen.volksbund.de\/erinnern-gedenken\/kriegesgraeberstaetten<\/a>.<\/td>\n<\/tr>\n<tr class=\"row-6\">\n\t<td class=\"column-1\"><b>Angebote<\/b><\/td><td class=\"column-2\">Eine \u00dcbersicht \u00fcber die friedensp\u00e4dagogischen Bildungsangebote des Volksbunds in Hessen finden Sie hier: <a href=\"https:\/\/hessen.volksbund.de\/jugend-bildung\" rel=\"noopener\" target=\"_blank\">https:\/\/hessen.volksbund.de\/jugend-bildung<\/a>. <\/td>\n<\/tr>\n<\/tbody>\n<\/table>\n<!-- #tablepress-48 from cache -->\n<div class='printomatic pom-default ' id='id9799' alt='Seitentext drucken' title='Seitentext drucken' data-print_target='article'><\/div>\n\n\n","protected":false},"excerpt":{"rendered":"","protected":false},"author":1,"featured_media":0,"parent":0,"menu_order":0,"comment_status":"closed","ping_status":"closed","template":"page-full-width.php","meta":{"footnotes":""},"class_list":["entry","page","publish","author-admin","post-1444"],"_links":{"self":[{"href":"https:\/\/www.lag-gedenken-in-hessen.de\/index.php?rest_route=\/wp\/v2\/pages\/1444","targetHints":{"allow":["GET"]}}],"collection":[{"href":"https:\/\/www.lag-gedenken-in-hessen.de\/index.php?rest_route=\/wp\/v2\/pages"}],"about":[{"href":"https:\/\/www.lag-gedenken-in-hessen.de\/index.php?rest_route=\/wp\/v2\/types\/page"}],"author":[{"embeddable":true,"href":"https:\/\/www.lag-gedenken-in-hessen.de\/index.php?rest_route=\/wp\/v2\/users\/1"}],"replies":[{"embeddable":true,"href":"https:\/\/www.lag-gedenken-in-hessen.de\/index.php?rest_route=%2Fwp%2Fv2%2Fcomments&post=1444"}],"version-history":[{"count":8,"href":"https:\/\/www.lag-gedenken-in-hessen.de\/index.php?rest_route=\/wp\/v2\/pages\/1444\/revisions"}],"predecessor-version":[{"id":1582,"href":"https:\/\/www.lag-gedenken-in-hessen.de\/index.php?rest_route=\/wp\/v2\/pages\/1444\/revisions\/1582"}],"wp:attachment":[{"href":"https:\/\/www.lag-gedenken-in-hessen.de\/index.php?rest_route=%2Fwp%2Fv2%2Fmedia&parent=1444"}],"curies":[{"name":"wp","href":"https:\/\/api.w.org\/{rel}","templated":true}]}}